{"id":8895,"date":"2018-12-19T12:16:22","date_gmt":"2018-12-19T11:16:22","guid":{"rendered":"https:\/\/www.kravolution.com\/event\/vorstellung-adaptive-krav-maga-with-stephane\/"},"modified":"2019-01-03T10:04:33","modified_gmt":"2019-01-03T09:04:33","slug":"vorstellung-adaptive-krav-maga-with-stephane","status":"publish","type":"tribe_events","link":"https:\/\/www.kravolution.com\/fr\/event\/vorstellung-adaptive-krav-maga-with-stephane\/","title":{"rendered":"Pr\u00e9sentation s\u00e9minaire de Krav Maga adaptatif avec St\u00e9phane Chatton"},"content":{"rendered":"<p>St\u00e9phane est une l\u00e9gende parmi les experts en Krav Maga et en amputant les deux jambes et en s\u2019asseyant dans un fauteuil roulant, il est un tr\u00e8s bon exemple de ne jamais abandonner et que vous pouvez entra\u00eener le Krav Maga avec des limitations physiques et \u00eatre un tr\u00e8s bon combattant.<br \/>\nDate : 02.02.2019<br \/>\nHeure : 13 h 30 \u2013 14 h 00<br \/>\nLieu : Siegburgerstr. 235w, 50679 Cologne, Allemagne<\/p>\n","protected":false},"excerpt":{"rendered":"St\u00e9phane est une l\u00e9gende parmi les experts en Krav Maga et en amputant les deux jambes et en s\u2019asseyant dans [&hellip;]","protected":false},"author":7,"featured_media":0,"comment_status":"closed","ping_status":"closed","template":"","meta":{"_et_pb_use_builder":"","_et_pb_old_content":"","_et_gb_content_width":"","_mi_skip_tracking":false,"_tribe_events_status":"","_tribe_events_status_reason":""},"tags":[],"tribe_events_cat":[],"acf":[],"yoast_head":"<!-- This site is optimized with the Yoast SEO plugin v19.13 - https:\/\/yoast.com\/wordpress\/plugins\/seo\/ -->\n<title>Pr\u00e9sentation s\u00e9minaire de Krav Maga adaptatif avec St\u00e9phane Chatton - KRAVolution<\/title>\n<meta name=\"robots\" content=\"index, follow, max-snippet:-1, max-image-preview:large, max-video-preview:-1\" \/>\n<link rel=\"canonical\" href=\"https:\/\/www.kravolution.com\/fr\/event\/vorstellung-adaptive-krav-maga-with-stephane\/\" \/>\n<meta property=\"og:locale\" content=\"fr_FR\" \/>\n<meta property=\"og:type\" content=\"article\" \/>\n<meta property=\"og:title\" content=\"Pr\u00e9sentation s\u00e9minaire de Krav Maga adaptatif avec St\u00e9phane Chatton - KRAVolution\" \/>\n<meta property=\"og:description\" content=\"St\u00e9phane est une l\u00e9gende parmi les experts en Krav Maga et en amputant les deux jambes et en s\u2019asseyant dans [&hellip;]\" \/>\n<meta property=\"og:url\" content=\"https:\/\/www.kravolution.com\/fr\/event\/vorstellung-adaptive-krav-maga-with-stephane\/\" \/>\n<meta property=\"og:site_name\" content=\"KRAVolution\" \/>\n<meta property=\"article:modified_time\" content=\"2019-01-03T09:04:33+00:00\" \/>\n<meta name=\"twitter:card\" content=\"summary_large_image\" \/>\n<script type=\"application\/ld+json\" class=\"yoast-schema-graph\">{\"@context\":\"https:\/\/schema.org\",\"@graph\":[{\"@type\":\"WebPage\",\"@id\":\"https:\/\/www.kravolution.com\/fr\/event\/vorstellung-adaptive-krav-maga-with-stephane\/\",\"url\":\"https:\/\/www.kravolution.com\/fr\/event\/vorstellung-adaptive-krav-maga-with-stephane\/\",\"name\":\"Pr\u00e9sentation s\u00e9minaire de Krav Maga adaptatif avec St\u00e9phane Chatton - KRAVolution\",\"isPartOf\":{\"@id\":\"https:\/\/www.kravolution.com\/fr\/#website\"},\"datePublished\":\"2018-12-19T11:16:22+00:00\",\"dateModified\":\"2019-01-03T09:04:33+00:00\",\"breadcrumb\":{\"@id\":\"https:\/\/www.kravolution.com\/fr\/event\/vorstellung-adaptive-krav-maga-with-stephane\/#breadcrumb\"},\"inLanguage\":\"fr-FR\",\"potentialAction\":[{\"@type\":\"ReadAction\",\"target\":[\"https:\/\/www.kravolution.com\/fr\/event\/vorstellung-adaptive-krav-maga-with-stephane\/\"]}]},{\"@type\":\"BreadcrumbList\",\"@id\":\"https:\/\/www.kravolution.com\/fr\/event\/vorstellung-adaptive-krav-maga-with-stephane\/#breadcrumb\",\"itemListElement\":[{\"@type\":\"ListItem\",\"position\":1,\"name\":\"Home\",\"item\":\"https:\/\/www.kravolution.com\/fr\/\"},{\"@type\":\"ListItem\",\"position\":2,\"name\":\"\u00c9v\u00e8nements\",\"item\":\"https:\/\/www.kravolution.com\/fr\/events\/\"},{\"@type\":\"ListItem\",\"position\":3,\"name\":\"Pr\u00e9sentation s\u00e9minaire de Krav Maga adaptatif avec St\u00e9phane Chatton\"}]},{\"@type\":\"WebSite\",\"@id\":\"https:\/\/www.kravolution.com\/fr\/#website\",\"url\":\"https:\/\/www.kravolution.com\/fr\/\",\"name\":\"KRAVolution\",\"description\":\"Krav Maga modern israeli selfdefense system\",\"potentialAction\":[{\"@type\":\"SearchAction\",\"target\":{\"@type\":\"EntryPoint\",\"urlTemplate\":\"https:\/\/www.kravolution.com\/fr\/?s={search_term_string}\"},\"query-input\":\"required name=search_term_string\"}],\"inLanguage\":\"fr-FR\"}]}<\/script>\n<!-- \/ Yoast SEO plugin. -->","yoast_head_json":{"title":"Pr\u00e9sentation s\u00e9minaire de Krav Maga adaptatif avec St\u00e9phane Chatton - KRAVolution","robots":{"index":"index","follow":"follow","max-snippet":"max-snippet:-1","max-image-preview":"max-image-preview:large","max-video-preview":"max-video-preview:-1"},"canonical":"https:\/\/www.kravolution.com\/fr\/event\/vorstellung-adaptive-krav-maga-with-stephane\/","og_locale":"fr_FR","og_type":"article","og_title":"Pr\u00e9sentation s\u00e9minaire de Krav Maga adaptatif avec St\u00e9phane Chatton - KRAVolution","og_description":"St\u00e9phane est une l\u00e9gende parmi les experts en Krav Maga et en amputant les deux jambes et en s\u2019asseyant dans [&hellip;]","og_url":"https:\/\/www.kravolution.com\/fr\/event\/vorstellung-adaptive-krav-maga-with-stephane\/","og_site_name":"KRAVolution","article_modified_time":"2019-01-03T09:04:33+00:00","twitter_card":"summary_large_image","schema":{"@context":"https:\/\/schema.org","@graph":[{"@type":"WebPage","@id":"https:\/\/www.kravolution.com\/fr\/event\/vorstellung-adaptive-krav-maga-with-stephane\/","url":"https:\/\/www.kravolution.com\/fr\/event\/vorstellung-adaptive-krav-maga-with-stephane\/","name":"Pr\u00e9sentation s\u00e9minaire de Krav Maga adaptatif avec St\u00e9phane Chatton - KRAVolution","isPartOf":{"@id":"https:\/\/www.kravolution.com\/fr\/#website"},"datePublished":"2018-12-19T11:16:22+00:00","dateModified":"2019-01-03T09:04:33+00:00","breadcrumb":{"@id":"https:\/\/www.kravolution.com\/fr\/event\/vorstellung-adaptive-krav-maga-with-stephane\/#breadcrumb"},"inLanguage":"fr-FR","potentialAction":[{"@type":"ReadAction","target":["https:\/\/www.kravolution.com\/fr\/event\/vorstellung-adaptive-krav-maga-with-stephane\/"]}]},{"@type":"BreadcrumbList","@id":"https:\/\/www.kravolution.com\/fr\/event\/vorstellung-adaptive-krav-maga-with-stephane\/#breadcrumb","itemListElement":[{"@type":"ListItem","position":1,"name":"Home","item":"https:\/\/www.kravolution.com\/fr\/"},{"@type":"ListItem","position":2,"name":"\u00c9v\u00e8nements","item":"https:\/\/www.kravolution.com\/fr\/events\/"},{"@type":"ListItem","position":3,"name":"Pr\u00e9sentation s\u00e9minaire de Krav Maga adaptatif avec St\u00e9phane Chatton"}]},{"@type":"WebSite","@id":"https:\/\/www.kravolution.com\/fr\/#website","url":"https:\/\/www.kravolution.com\/fr\/","name":"KRAVolution","description":"Krav Maga modern israeli selfdefense system","potentialAction":[{"@type":"SearchAction","target":{"@type":"EntryPoint","urlTemplate":"https:\/\/www.kravolution.com\/fr\/?s={search_term_string}"},"query-input":"required name=search_term_string"}],"inLanguage":"fr-FR"}]}},"_links":{"self":[{"href":"https:\/\/www.kravolution.com\/fr\/wp-json\/wp\/v2\/tribe_events\/8895"}],"collection":[{"href":"https:\/\/www.kravolution.com\/fr\/wp-json\/wp\/v2\/tribe_events"}],"about":[{"href":"https:\/\/www.kravolution.com\/fr\/wp-json\/wp\/v2\/types\/tribe_events"}],"author":[{"embeddable":true,"href":"https:\/\/www.kravolution.com\/fr\/wp-json\/wp\/v2\/users\/7"}],"replies":[{"embeddable":true,"href":"https:\/\/www.kravolution.com\/fr\/wp-json\/wp\/v2\/comments?post=8895"}],"version-history":[{"count":2,"href":"https:\/\/www.kravolution.com\/fr\/wp-json\/wp\/v2\/tribe_events\/8895\/revisions"}],"predecessor-version":[{"id":8900,"href":"https:\/\/www.kravolution.com\/fr\/wp-json\/wp\/v2\/tribe_events\/8895\/revisions\/8900"}],"wp:attachment":[{"href":"https:\/\/www.kravolution.com\/fr\/wp-json\/wp\/v2\/media?parent=8895"}],"wp:term":[{"taxonomy":"post_tag","embeddable":true,"href":"https:\/\/www.kravolution.com\/fr\/wp-json\/wp\/v2\/tags?post=8895"},{"taxonomy":"tribe_events_cat","embeddable":true,"href":"https:\/\/www.kravolution.com\/fr\/wp-json\/wp\/v2\/tribe_events_cat?post=8895"}],"curies":[{"name":"wp","href":"https:\/\/api.w.org\/{rel}","templated":true}]}}